{"id":6793,"date":"2021-07-07T11:59:40","date_gmt":"2021-07-07T14:59:40","guid":{"rendered":"https:\/\/v3.feliz7play.com\/pt\/e\/?page_id=6793"},"modified":"2026-02-26T11:13:09","modified_gmt":"2026-02-26T14:13:09","slug":"politica-de-privacidade","status":"publish","type":"page","link":"https:\/\/v3.feliz7play.com\/pt\/e\/politica-de-privacidade\/","title":{"rendered":"Pol\u00edtica de Privacidade"},"content":{"rendered":"\t\t<div data-elementor-type=\"wp-page\" data-elementor-id=\"6793\" class=\"elementor elementor-6793\" data-elementor-post-type=\"page\">\n\t\t\t\t\t\t<section class=\"elementor-section elementor-top-section elementor-element elementor-element-7420fb7 elementor-section-boxed elementor-section-height-default elementor-section-height-default\" data-id=\"7420fb7\" data-element_type=\"section\">\n\t\t\t\t\t\t<div class=\"elementor-container elementor-column-gap-default\">\n\t\t\t\t\t<div class=\"elementor-column elementor-col-100 elementor-top-column elementor-element elementor-element-772396e\" data-id=\"772396e\" data-element_type=\"column\">\n\t\t\t<div class=\"elementor-widget-wrap elementor-element-populated\">\n\t\t\t\t\t\t<div class=\"elementor-element elementor-element-a9ec6f5 elementor-widget elementor-widget-heading\" data-id=\"a9ec6f5\" data-element_type=\"widget\" data-widget_type=\"heading.default\">\n\t\t\t\t<div class=\"elementor-widget-container\">\n\t\t\t\t\t<h1 class=\"elementor-heading-title elementor-size-large\">Pol\u00edtica de Privacidade de Dados<\/h1>\t\t\t\t<\/div>\n\t\t\t\t<\/div>\n\t\t\t\t\t<\/div>\n\t\t<\/div>\n\t\t\t\t\t<\/div>\n\t\t<\/section>\n\t\t\t\t<section class=\"elementor-section elementor-top-section elementor-element elementor-element-d298be1 elementor-section-boxed elementor-section-height-default elementor-section-height-default\" data-id=\"d298be1\" data-element_type=\"section\">\n\t\t\t\t\t\t<div class=\"elementor-container elementor-column-gap-default\">\n\t\t\t\t\t<div class=\"elementor-column elementor-col-100 elementor-top-column elementor-element elementor-element-51f6605\" data-id=\"51f6605\" data-element_type=\"column\">\n\t\t\t<div class=\"elementor-widget-wrap elementor-element-populated\">\n\t\t\t\t\t\t<div class=\"elementor-element elementor-element-2d0af23 elementor-widget-divider--view-line_icon elementor-view-default elementor-widget-divider--element-align-center elementor-widget elementor-widget-divider\" data-id=\"2d0af23\" data-element_type=\"widget\" data-widget_type=\"divider.default\">\n\t\t\t\t<div class=\"elementor-widget-container\">\n\t\t\t\t\t\t\t<div class=\"elementor-divider\">\n\t\t\t<span class=\"elementor-divider-separator\">\n\t\t\t\t\t\t\t<div class=\"elementor-icon elementor-divider__element\">\n\t\t\t\t\t<svg xmlns=\"http:\/\/www.w3.org\/2000\/svg\" width=\"24\" height=\"24\" viewBox=\"0 0 24 24\"><path d=\"M12,0A12,12,0,1,0,24,12h0A12.019,12.019,0,0,0,12,0Zm7.207,7.977V8.4h0v.035h0v.035h0a.034.034,0,0,1-.035.035h0l-.035.035h0L13.19,18.892a1.236,1.236,0,0,1-1.085.63,1.426,1.426,0,0,1-.63-.175,1.257,1.257,0,0,1-.455-1.714l4.9-8.5h-7.7l1.12,1.924A1.248,1.248,0,0,1,7.207,12.35L4.933,8.606a1.247,1.247,0,0,1,.42-1.714h0c.035-.035.07-.035.14-.07a1.466,1.466,0,0,1,.525-.14H17.983a.77.77,0,0,1,.28.035h.28l.035.035h0l.035.035h0l.035.035h0l.035.035h.035l.035.035.035.035h0l.035.035h0a.349.349,0,0,1,.14.175h0L19,7.172l.035.035h0a1.175,1.175,0,0,1,.175.49h0v.14h0C19.137,7.8,19.207,7.977,19.207,7.977Z\" fill=\"#f16723\"><\/path><\/svg><\/div>\n\t\t\t\t\t\t<\/span>\n\t\t<\/div>\n\t\t\t\t\t\t<\/div>\n\t\t\t\t<\/div>\n\t\t\t\t\t<\/div>\n\t\t<\/div>\n\t\t\t\t\t<\/div>\n\t\t<\/section>\n\t\t\t\t<section class=\"elementor-section elementor-top-section elementor-element elementor-element-ee42e84 elementor-section-height-min-height elementor-section-boxed elementor-section-height-default elementor-section-items-middle\" data-id=\"ee42e84\" data-element_type=\"section\">\n\t\t\t\t\t\t<div class=\"elementor-container elementor-column-gap-default\">\n\t\t\t\t\t<div class=\"elementor-column elementor-col-100 elementor-top-column elementor-element elementor-element-46ac486\" data-id=\"46ac486\" data-element_type=\"column\">\n\t\t\t<div class=\"elementor-widget-wrap elementor-element-populated\">\n\t\t\t\t\t\t<div class=\"elementor-element elementor-element-f8e4d8a elementor-widget elementor-widget-text-editor\" data-id=\"f8e4d8a\" data-element_type=\"widget\" data-widget_type=\"text-editor.default\">\n\t\t\t\t<div class=\"elementor-widget-container\">\n\t\t\t\t\t\t\t\t\t<p style=\"text-align: justify;\">Bem vindo ao Feliz7Play! Os dados que coletamos aqui s\u00e3o exclusivamente para acesso \u00e0 plataforma, hist\u00f3rico de pesquisa, progresso de consumo e conte\u00fados favoritos. Voc\u00ea pode ter acesso \u00e0 nossa Pol\u00edtica de Privacidade no link <a href=\"https:\/\/adventistas.org\/pt\/privacidade\">adventistas.org\/pt\/privacidade<\/a> e tirar d\u00favidas ou fazer qualquer tipo de solicita\u00e7\u00f5es acerca dos seus dados pessoais no e-mail <a href=\"mailto:privacidade@adventistas.org\">privacidade@adventistas.org<\/a>.<br \/><br \/><\/p><p>Para simplificar a leitura destes termos, se adotar\u00e1 o seguinte gloss\u00e1rio:<\/p><p><strong>Conta<\/strong>: \u00c9 o cadastro identificado do usu\u00e1rio para acessar funcionalidades restritas nos servi\u00e7os.<\/p><p><strong>Cookies<\/strong>: Arquivos de dados com volume irrelevante enviados por sites ao dispositivo do usu\u00e1rio, capazes de reunir um dado n\u00famero de informa\u00e7\u00f5es necess\u00e1rios para o funcionamento adequado de alguns sites ou servi\u00e7os. Esta pol\u00edtica orienta o que fazer quando o usu\u00e1rio n\u00e3o deseja que sites armazenem cookies.<\/p><p><strong>Credenciais<\/strong>: \u00c9 uma combina\u00e7\u00e3o de informa\u00e7\u00f5es utilizadas pelo usu\u00e1rio para acessar sua conta, geralmente seu login ou nome de usu\u00e1rio e senha.<\/p><p><strong>Dados anonimizados<\/strong>: Informa\u00e7\u00f5es sobre indiv\u00edduos, que n\u00e3o permitem a identifica\u00e7\u00e3o de uma pessoa, mesmo quando combinados entre si, considerando a utiliza\u00e7\u00e3o de meios t\u00e9cnicos razo\u00e1veis e dispon\u00edveis na ocasi\u00e3o de seu tratamento.<\/p><p><strong>Dados pessoais:<\/strong>\u00a0Informa\u00e7\u00f5es sobre indiv\u00edduos identificados ou identific\u00e1veis.<\/p><p><strong>Dados<\/strong>: Informa\u00e7\u00f5es, incluindo dados pessoais e dados anonimizados.<\/p><p><strong>Encarregado ou Data Protection Officer (DPO):<\/strong>\u00a0\u00c9 a pessoa indicada pela IGREJA ADVENTISTA DO S\u00c9TIMO DIA para atuar como canal de comunica\u00e7\u00e3o com o usu\u00e1rio e as autoridades de prote\u00e7\u00e3o de dados em assuntos relacionados a esta Pol\u00edtica de Privacidade de Dados.<\/p><p><strong>Endere\u00e7o IP:<\/strong>\u00a0Endere\u00e7o de Internet Protocol associado a um dispositivo. O endere\u00e7o IP ajuda a identificar unicamente, inclusive geograficamente, um dispositivo usado para acessar a Internet, sites e servi\u00e7os on-line.<\/p><p><strong>Igreja Adventista:<\/strong>\u00a0As organiza\u00e7\u00f5es que d\u00e3o personalidade jur\u00eddica \u00e0s igrejas adventistas no Brasil ou na Am\u00e9rica do Sul. De acordo com o contexto, poder\u00e1 referir-se a servi\u00e7os e atividades prestados ou desenvolvidos por organiza\u00e7\u00f5es que fazem parte de seu grupo institucional, tais como a Educa\u00e7\u00e3o Adventista, servi\u00e7os de r\u00e1dio e televis\u00e3o, ind\u00fastria de alimentos, editora e publicadora de literatura no Brasil ou na Am\u00e9rica do Sul.<\/p><p><strong>Pol\u00edtica de Privacidade:<\/strong>\u00a0Esta Pol\u00edtica de Privacidade de Dados.<\/p><p><strong>Servi\u00e7o<\/strong>: Designa\u00e7\u00e3o comum para sites, servi\u00e7os e sistemas da Igreja Adventista, incluindo sistemas institucionais, corporativos, aplicativos, e-mail, newsletter e chat.<\/p><p><strong>Usu\u00e1rio<\/strong>: A pessoa f\u00edsica que interagir com algum servi\u00e7o da Igreja Adventista ao qual seja aplic\u00e1vel esta Pol\u00edtica de Privacidade.<\/p><p><strong>Voc\u00ea<\/strong>: Quando esta pol\u00edtica de privacidade utilizar o termo \u201cvoc\u00ea\u201d, pronomes possessivos na 3\u00aa. pessoa (seu, seus, sua, suas) e termos que remetam ao leitor, estes termos referem-se ao USU\u00c1RIO, e foram empregados no texto para facilitar a leitura e compreens\u00e3o.<\/p><h3 class=\"wp-block-heading\"><strong>1. Quem \u00e9 o controlador e operador dos dados?<\/strong><\/h3><p>Ao utilizar o servi\u00e7o e fornecer dados pessoais voc\u00ea concorda que a Divis\u00e3o Sul-Americana da Igreja Adventista do S\u00e9timo Dia, CNPJ N\u00ba 33.871.088\/0001-76, seja controladora e operadora dos dados que voc\u00ea fornecer.<\/p><p>Perguntas sobre esta pol\u00edtica podem ser direcionadas ao e-mail\u00a0privacidade@adventistas.org\u00a0para an\u00e1lise.<\/p><h3 class=\"wp-block-heading\"><strong>2. Aplica\u00e7\u00e3o da Pol\u00edtica de Privacidade.<\/strong><\/h3><p>A IGREJA ADVENTISTA DO S\u00c9TIMO DIA adota uma Pol\u00edtica de Privacidade que \u00e9 aplic\u00e1vel a todos os servi\u00e7os em que estiver publicada.<\/p><p><strong>Exclus\u00f5es<\/strong>: Esta Pol\u00edtica de Privacidade n\u00e3o se aplica a servi\u00e7os que n\u00e3o a apresentem entre seus termos, que tenham pol\u00edticas de privacidade separadas, ou que a excluam expressamente. Tamb\u00e9m n\u00e3o se aplica a sites, servi\u00e7os e sistemas de outras organiza\u00e7\u00f5es ou indiv\u00edduos que coletam e tratam dados, inclusive quando estes se identificarem como membros da IGREJA ADVENTISTA DO S\u00c9TIMO DIA. Esta pol\u00edtica n\u00e3o se aplica a atividades de iniciativa de indiv\u00edduos, membros ou n\u00e3o, ainda que estes fa\u00e7am parte de lideran\u00e7a de igrejas, grupos, clubes ou servi\u00e7os mission\u00e1rios.<\/p><p><strong>\u201cDisposi\u00e7\u00f5es Espec\u00edficas de Privacidade de Dados\u201d<\/strong>: Quando necess\u00e1rio, os servi\u00e7os da Igreja Adventista contar\u00e3o com \u201cDisposi\u00e7\u00f5es Espec\u00edficas de Privacidade de Dados\u201d. As disposi\u00e7\u00f5es espec\u00edficas aplicam-se restritivamente ao servi\u00e7o a que se referir. Por exemplo, quando o usu\u00e1rio utiliza o sistema 7me, Feliz7Play ou o site adventistas.org, esta pol\u00edtica de prote\u00e7\u00e3o de dados \u00e9 aplic\u00e1vel em conjunto com as disposi\u00e7\u00f5es espec\u00edficas de cada um destes servi\u00e7os.<\/p><p>A Pol\u00edtica de Privacidade aplica-se unicamente aos dados fornecidos voluntariamente por voc\u00ea quando realizar atividades nos servi\u00e7os da IGREJA ADVENTISTA DO S\u00c9TIMO DIA, como cadastros, pedidos de ora\u00e7\u00e3o, coment\u00e1rios, troca de mensagens e e-mails, entre outros. Tamb\u00e9m se aplica aos dados coletados pelo navegador durante a utiliza\u00e7\u00e3o do servi\u00e7o.<\/p><h3 class=\"wp-block-heading\"><strong>3. Informa\u00e7\u00f5es que coletamos, recebemos e armazenamos.<\/strong><\/h3><p>Servi\u00e7os da IGREJA ADVENTISTA DO S\u00c9TIMO DIA poder\u00e3o coletar dados que o usu\u00e1rio fornece de forma direta ou indireta, quando se torna membro da Igreja Adventista ou ingressa em algum de seus minist\u00e9rios, atividades mission\u00e1rias ou servi\u00e7os do grupo institucional. Quando utiliza sites e sistemas, preenche cadastros e formul\u00e1rios, de acordo com esta Pol\u00edtica de Privacidade de Dados.<\/p><p>Todas estas informa\u00e7\u00f5es ser\u00e3o mantidas em car\u00e1ter de confidencialidade pela Igreja Adventista, podendo ser tratadas para uso pr\u00f3prio em suas finalidades institucionais e\/ou de suas entidades associadas. N\u00e3o ser\u00e3o coletadas informa\u00e7\u00f5es para finalidades diferentes das descritas nesta Pol\u00edtica de Privacidade de Dados ou nos termos complementares.<\/p><p>As seguintes informa\u00e7\u00f5es poder\u00e3o ser coletadas, recebidas e armazenadas pelos servi\u00e7os da IGREJA ADVENTISTA DO S\u00c9TIMO DIA:<\/p><p><strong>Dados de membro:<\/strong>\u00a0Quando voc\u00ea se torna membro da IGREJA ADVENTISTA DO S\u00c9TIMO DIA, as informa\u00e7\u00f5es fornecidas por voc\u00ea na Ficha de Registro de Candidato ou na ficha de batismo s\u00e3o armazenadas de forma f\u00edsica, digital ou ambas. Estas informa\u00e7\u00f5es s\u00e3o utilizadas exclusivamente para o cumprimento da atividade institucional da IGREJA ADVENTISTA DO S\u00c9TIMO DIA, para que a organiza\u00e7\u00e3o da atividade religiosa seja vi\u00e1vel.<\/p><p><strong>Dados de d\u00edzimos e ofertas:<\/strong>\u00a0Quando voc\u00ea devolve d\u00edzimos ou doa ofertas de forma identificada, as informa\u00e7\u00f5es a respeito da identifica\u00e7\u00e3o do doador, data, valor, local da doa\u00e7\u00e3o e finalidade poder\u00e3o ser registradas em cumprimento ao dever legal e \u00e0s normas cont\u00e1beis.<\/p><p><strong>Dados de cadastro em servi\u00e7os do grupo institucional:<\/strong>\u00a0O grupo institucional da IGREJA ADVENTISTA DO S\u00c9TIMO DIA \u00e9 formado por institui\u00e7\u00f5es que tenham sido criadas ou que sejam parte da pr\u00f3pria Igreja Adventista nos pa\u00edses que fazem parte da Divis\u00e3o Sul-Americana. Os dados que voc\u00ea fornecer aos minist\u00e9rios da IGREJA ADVENTISTA DO S\u00c9TIMO DIA e aos servi\u00e7os destas institui\u00e7\u00f5es, inclusive ou que venham a ser coletados enquanto voc\u00ea navega em seus sites, e-mails, coment\u00e1rios e chat, poder\u00e3o ser armazenados e tratados e compartilhados com o grupo institucional para o cumprimento do dever institucional destas organiza\u00e7\u00f5es. A IGREJA ADVENTISTA n\u00e3o utiliza seus dados de contato para enviar mensagens indesejadas (spam) ou materiais promocionais que n\u00e3o tenham sido previamente solicitados\/aceitos, mas poder\u00e1 entrar em contato quando estritamente necess\u00e1rio.<\/p><p><strong>Dados de cadastro em sites e sistemas:<\/strong>\u00a0Quando algu\u00e9m preenche um cadastro para acessar o site ou utilizar uma funcionalidade espec\u00edfica, estes dados s\u00e3o registrados para que o usu\u00e1rio possa continuar suas atividades posteriormente. Dados de atividade no site tamb\u00e9m poder\u00e3o ser coletados e tratados.<\/p><p><strong>Atendimento e comunica\u00e7\u00e3o com o usu\u00e1rio:<\/strong>\u00a0Se voc\u00ea se comunicar com algum dos servi\u00e7os da IGREJA ADVENTISTA DO S\u00c9TIMO DIA por telefone, correspond\u00eancia, e-mail, chat ou qualquer outra modalidade, vamos armazenar as informa\u00e7\u00f5es fornecidas para executar a atividade, atendimento ou enviar uma resposta. As informa\u00e7\u00f5es tamb\u00e9m poder\u00e3o ser registradas simplesmente para consulta futura. Em chamadas telef\u00f4nicas poderemos armazenar data, hora, dura\u00e7\u00e3o e originador. Quando a chamada tiver de ser gravada por obriga\u00e7\u00e3o legal ou regulamento interno, o interlocutor ser\u00e1 advertido a este respeito, e o \u00e1udio das liga\u00e7\u00f5es e dados contidos pertencer\u00e3o \u00e0 institui\u00e7\u00e3o que os houver registrado, sendo utilizados apenas para cumprimento da obriga\u00e7\u00e3o legal, servi\u00e7o solicitado pelo usu\u00e1rio ou dever institucional.<\/p><p>Estat\u00edsticas e formul\u00e1rios an\u00f4nimos: De tempos em tempos a IGREJA ADVENTISTA DO S\u00c9TIMO DIA poder\u00e1 solicitar informa\u00e7\u00f5es para fins estat\u00edsticos. Exceto quando expressamente advertido, estas estat\u00edsticas ser\u00e3o an\u00f4nimas. Informa\u00e7\u00f5es s\u00e3o coletadas em formul\u00e1rios.<\/p><p>Privacidade de comunica\u00e7\u00f5es: Quando voc\u00ea se comunica com a IGREJA ADVENTISTA DO S\u00c9TIMO DIA, o conte\u00fado das comunica\u00e7\u00f5es \u00e9 mantido em car\u00e1ter privado, e somente ser\u00e1 divulgado com sua autoriza\u00e7\u00e3o, a seu pedido, por ordem judicial, ou em defesa da verdade, at\u00e9 que o conte\u00fado das comunica\u00e7\u00f5es seja descartado.<\/p><p>Dados de navega\u00e7\u00e3o, dados de dispositivos m\u00f3veis e dados automatizados: Os sites da IGREJA ADVENTISTA DO S\u00c9TIMO DIA n\u00e3o coletam dados de navega\u00e7\u00e3o capazes de identificar um indiv\u00edduo. Contudo, poder\u00e1 utilizar cookies para fornecer experi\u00eancia personalizada ao usu\u00e1rio.<\/p><p>Informa\u00e7\u00f5es de registro e acesso: Sempre que necess\u00e1rio, os servi\u00e7os registrar\u00e3o automaticamente logs de acesso e utiliza\u00e7\u00e3o, podendo armazenar endere\u00e7o de IP, tipo do dispositivo, idioma, vers\u00e3o do aplicativo ou do sistema operacional, data e a hora da sua solicita\u00e7\u00e3o. Senhas n\u00e3o ser\u00e3o armazenadas.<\/p><h3 class=\"wp-block-heading\"><strong>4. Endere\u00e7os IP, cookies, identificadores e credenciais.<\/strong><\/h3><p><strong>4.1. Pol\u00edtica de cookie<\/strong>: Os servi\u00e7os da Igreja Adventista poder\u00e3o utilizar cookies e identificadores an\u00f4nimos para obter informa\u00e7\u00f5es sobre audi\u00eancia, navega\u00e7\u00e3o, seguran\u00e7a e para o correto funcionamento de alguns servi\u00e7os.<\/p><p><strong>Advert\u00eancia de cookie:<\/strong>\u00a0Os servi\u00e7os que fazem utiliza\u00e7\u00e3o de cookies contar\u00e3o com uma advert\u00eancia a este respeito, semelhante \u00e0 seguinte:<\/p><p>\u201cAo utilizar o site adventistas.org, voc\u00ea concorda que podemos gravar cookies em seu dispositivo, conforme a pol\u00edtica de cookie de nossa Pol\u00edtica de Privacidade.\u201d<\/p><p>Tipos de cookies que poder\u00e3o ser utilizados conforme as seguintes caracter\u00edsticas:<\/p><p><strong>Validade<\/strong>: De Sess\u00e3o \u2013 tempor\u00e1rios, permanecem apenas at\u00e9 o fechamento da p\u00e1gina ou do navegador, s\u00e3o utilizados para an\u00e1lise de tr\u00e1fego e contextualiza\u00e7\u00e3o de conte\u00fado. Permanente \u2013 permanecem ap\u00f3s o fechamento da p\u00e1gina ou navegador, s\u00e3o utilizados para registrar login do usu\u00e1rio, mas n\u00e3o guardam informa\u00e7\u00f5es de senha.<\/p><p><strong>Propriedade<\/strong>: Pr\u00f3prios \u2013 s\u00e3o gravados pelos servi\u00e7os da Igreja Adventista e s\u00e3o de sua titularidade. De Terceiros \u2013 s\u00e3o gravados e de titularidades de terceiros, mas poder\u00e3o ser inclu\u00eddos no dispositivo por meio dos servi\u00e7os da Igreja Adventista.<\/p><p><strong>Finalidade<\/strong>: Necess\u00e1rios \u2013 essenciais para utiliza\u00e7\u00e3o do site, que n\u00e3o funcionaria adequadamente sem os cookies. Outros \u2013 s\u00e3o cookies que favorecem uma performance melhorada, funcionalidades espec\u00edficas, estat\u00edsticas, informa\u00e7\u00f5es sobre redes sociais do usu\u00e1rio e outras informa\u00e7\u00f5es n\u00e3o estritamente essenciais.<\/p><p><strong>Op\u00e7\u00e3o do usu\u00e1rio<\/strong>: Voc\u00ea pode n\u00e3o aceitar os cookies, mas neste caso, os servi\u00e7os poder\u00e3o n\u00e3o funcionar adequadamente, e a Igreja Adventista n\u00e3o poder\u00e1 garantir que os sites sejam exibidos corretamente. Os cookies podem ser aceitos, exclu\u00eddos ou rejeitados por meio das ferramentas do navegador.<\/p><p><strong>4.2. Analytics:<\/strong>\u00a0Alguns sites da Igreja Adventista poder\u00e3o utilizar servi\u00e7os de an\u00e1lise fornecidos por terceiros, como por exemplo, o Google Analytics. A pol\u00edtica de privacidade de dados destes provedores de servi\u00e7os n\u00e3o \u00e9 de nossa responsabilidade e podem ser verificados no dom\u00ednio do prestador. A Igreja Adventista busca servi\u00e7os de terceiros, desde que suas pol\u00edticas de privacidade de dados estejam em conformidade com esta pol\u00edtica. O usu\u00e1rio concorda com o processamento dessas informa\u00e7\u00f5es por estes terceiros, com finalidades estat\u00edsticas.<\/p><p><strong>4.3. Credenciais:<\/strong>\u00a0Os sites e servi\u00e7os da Igreja Adventista n\u00e3o armazenam credenciais de acesso que pertencem ao usu\u00e1rio. Por isso, voc\u00ea \u00e9 o \u00fanico respons\u00e1vel pelo sigilo de suas informa\u00e7\u00f5es pessoais, financeiras e de suas credenciais. \u00c9 proibido o compartilhamento de suas credenciais, ou o uso de credenciais de terceiros. Esta pr\u00e1tica ser\u00e1 considerada viola\u00e7\u00e3o desta Pol\u00edtica de Privacidade.<\/p><h3 class=\"wp-block-heading\"><strong>5. Uso da informa\u00e7\u00e3o.<\/strong><\/h3><p>As informa\u00e7\u00f5es coletadas pela Igreja Adventista ser\u00e3o utilizadas exclusivamente para prestar a atividade religiosa, o servi\u00e7o esperado pelo usu\u00e1rio ou o servi\u00e7o contratado das institui\u00e7\u00f5es que fazem parte do grupo institucional.<\/p><p>Estas informa\u00e7\u00f5es tamb\u00e9m poder\u00e3o ser utilizadas para melhorar a comunica\u00e7\u00e3o entre a Igreja Adventista e voc\u00ea, incluindo mensagens pessoais ou autom\u00e1ticas que tratem da pr\u00f3pria pol\u00edtica ou de assuntos que demandem sua aten\u00e7\u00e3o de forma especial.<\/p><p>Em alguns casos, as informa\u00e7\u00f5es coletadas ser\u00e3o utilizadas para fazer valer os Termos de Uso de sites e sistemas, e em cumprimento ao dever legal, incluindo o combate \u00e0 fraude e a quaisquer il\u00edcitos.<\/p><p>Por \u00faltimo, a Igreja Adventista pode utilizar ou compartilhar seus dados pessoais, acessar as mensagens trocadas por meio do chat, e-mail ou outras comunica\u00e7\u00f5es em caso de: i) exig\u00eancia legal; ii) preven\u00e7\u00e3o contra fraude e abuso na sua rede; iii) responder a alega\u00e7\u00f5es de suposta viola\u00e7\u00e3o de direitos de terceiros e de divulga\u00e7\u00e3o indevida de informa\u00e7\u00f5es para contato de terceiros; iv) para proteger direitos, a propriedade ou a seguran\u00e7a de terceiros ou da pr\u00f3pria Igreja Adventista e de seus membros; v) determinar se voc\u00ea est\u00e1 obedecendo ou n\u00e3o a esta Pol\u00edtica e aos Termos de Uso aplic\u00e1veis.<\/p><h3 class=\"wp-block-heading\"><strong>6. Compartilhamento de informa\u00e7\u00e3o.<\/strong><\/h3><p>A Igreja Adventista n\u00e3o aluga ou vende dados pessoais. O compartilhamento tamb\u00e9m \u00e9 restrito e n\u00e3o ocorrer\u00e1 a menos que tenha autoriza\u00e7\u00e3o espec\u00edfica para faz\u00ea-lo ou nas circunst\u00e2ncias abaixo:<\/p><p><strong>Grupo institucional:<\/strong>\u00a0Pode ser necess\u00e1rio que a institui\u00e7\u00e3o que faz parte da Igreja Adventista e que tiver coletado seus dados precise compartilhar estes dados com outras organiza\u00e7\u00f5es que fazem parte do grupo institucional da Igreja Adventista, por exemplo, para efetivar o seguro de vida, de evento ou de viagem da igreja, ou de departamentos e minist\u00e9rios. Nestes casos, sua informa\u00e7\u00e3o poder\u00e1 ser compartilhada estritamente para pessoas jur\u00eddicas que tenham sido criadas, organizadas, fundadas pela Igreja Adventista, ou que seja um de seus minist\u00e9rios, entidades ou \u00f3rg\u00e3o membro, tanto no Brasil quanto nos pa\u00edses da Divis\u00e3o Sul-Americana.<\/p><p><strong>Transfer\u00eancia de membros do ACMS:<\/strong>\u00a0Os dados de membros que estejam inscritos no ACMS (Adventist Church Management System) poder\u00e3o ser compartilhados com outras entidades da IGREJA ADVENTISTA DO S\u00c9TIMO DIA no mundo apenas quando o membro da igreja tiver de ser transferido para uma igreja que tamb\u00e9m utilize o ACMS e esteja localizada fora da Divis\u00e3o Sul-Americana.<\/p><p><strong>Reorganiza\u00e7\u00e3o de responsabilidade:<\/strong>\u00a0Se por uma quest\u00e3o legal ou jur\u00eddica a IGREJA ADVENTISTA DO S\u00c9TIMO DIA precisar reorganizar a distribui\u00e7\u00e3o de responsabilidades, ou uma parte da entidade denominacional que originalmente coletou os dados tenha de ser reorganizada, sua informa\u00e7\u00e3o pessoal pode ser transferida ao novo respons\u00e1vel, que assumir\u00e1 a obriga\u00e7\u00e3o de cumprir os mesmos termos desta pol\u00edtica, ou avis\u00e1-lo de altera\u00e7\u00f5es.<\/p><p><strong>Combate a fraudes e crimes:<\/strong>\u00a0Ser\u00e1 permitido o compartilhamento de informa\u00e7\u00e3o com autoridades p\u00fablicas ou entidades privadas para combate \u00e0 fraude, crimes ou abusos de que a Igreja Adventista tenha conhecimento, e cujas informa\u00e7\u00f5es sejam absolutamente necess\u00e1rias ou relevantes para impedir a continuidade de tais pr\u00e1ticas, e quando houver solicita\u00e7\u00e3o para compartilhamento em investiga\u00e7\u00e3o de suspeitas de viola\u00e7\u00e3o da lei, ou para combater qualquer outra suspeita de descumprimento desta Pol\u00edtica, dos Termos de Uso ou da lei.<\/p><p>Compartilhamento de informa\u00e7\u00f5es pessoais com autoridades governamentais quando requerido de acordo com a lei aplic\u00e1vel.<\/p><h3 class=\"wp-block-heading\"><strong>7. Seu controle sobre os dados.<\/strong><\/h3><p>Os dados que voc\u00ea fornecer ser\u00e3o mantidos em todas as hip\u00f3teses previstas em lei, como por exemplo aqueles que voc\u00ea forneceu para ingressar na condi\u00e7\u00e3o de membro, ou inscrever-se em algum dos minist\u00e9rios da Igreja Adventista ou ainda pela contrata\u00e7\u00e3o de servi\u00e7o em uma institui\u00e7\u00e3o do grupo institucional. Estes poder\u00e3o ser mantidos enquanto durar o relacionamento, minist\u00e9rio ou servi\u00e7o. E ainda, ser\u00e3o mantidos nas hip\u00f3teses previstas em lei, mesmo que tenham de ser anonimizados.<\/p><p><strong>Acesso, corre\u00e7\u00e3o e exclus\u00e3o:<\/strong>\u00a0\u00c9 poss\u00edvel corrigir ou excluir as informa\u00e7\u00f5es fornecidas (respeitadas as hip\u00f3teses de preserva\u00e7\u00e3o dos dados). Entretanto, tenha em mente que a aus\u00eancia de certas informa\u00e7\u00f5es poder\u00e1 inviabilizar a resposta a alguns coment\u00e1rios, solicita\u00e7\u00e3o, pedido de ora\u00e7\u00e3o, de estudo b\u00edblico ou outra atividade que seja esperada pelo usu\u00e1rio.<\/p><h3 class=\"wp-block-heading\"><strong>8. Consentimento.<\/strong><\/h3><p>Ao utilizar os servi\u00e7os da Igreja Adventista e fornecer seus dados voc\u00ea consente com a coleta, armazenamento, tratamento e uso das informa\u00e7\u00f5es pessoais fornecidas e suas atualiza\u00e7\u00f5es, dados de tr\u00e1fego, endere\u00e7os IP, entre outros, eventualmente coletados.<\/p><p>Voc\u00ea consente tamb\u00e9m que o uso dos servi\u00e7os da Igreja Adventista, mesmo sem cadastro, implica na aceita\u00e7\u00e3o aos Termos de Uso dos Sites, das disposi\u00e7\u00f5es especiais e desta Pol\u00edtica de Privacidade, que ser\u00e1 atualizada de tempos em tempos para refletir mudan\u00e7as da lei, em nossos minist\u00e9rios ou nas funcionalidades de sites, aplicativos e sistemas.<\/p><h3 class=\"wp-block-heading\"><strong>9. Encarregado\/Data Protection Officer.<\/strong><\/h3><p>St\u00e9fanne Amorim Ortelan<br \/>e-mail:\u00a0privacidade@adventistas.org<br \/>Av L3 Sul, SGAS, Quadra 611<br \/>Conjunto D, Parte C, Asa Sul<br \/>CEP 70200-710<br \/>Bras\u00edlia \u2013 DF\/Brasil<br \/>(61) 3701-1818<\/p>\t\t\t\t\t\t\t\t<\/div>\n\t\t\t\t<\/div>\n\t\t\t\t\t<\/div>\n\t\t<\/div>\n\t\t\t\t\t<\/div>\n\t\t<\/section>\n\t\t\t\t<\/div>\n\t\t","protected":false},"excerpt":{"rendered":"<p>Pol\u00edtica de Privacidade de Dados Bem vindo ao Feliz7Play! Os dados que coletamos aqui s\u00e3o exclusivamente para acesso \u00e0 plataforma, hist\u00f3rico de pesquisa, progresso de consumo e conte\u00fados favoritos. Voc\u00ea pode ter acesso \u00e0 nossa Pol\u00edtica de Privacidade no link adventistas.org\/pt\/privacidade e tirar d\u00favidas ou fazer qualquer tipo de solicita\u00e7\u00f5es acerca dos seus dados pessoais [&hellip;]<\/p>\n","protected":false},"author":1,"featured_media":0,"parent":0,"menu_order":0,"comment_status":"closed","ping_status":"closed","template":"","meta":{"inline_featured_image":false,"footnotes":""},"class_list":["post-6793","page","type-page","status-publish","hentry"],"acf":[],"_links":{"self":[{"href":"https:\/\/v3.feliz7play.com\/pt\/e\/wp-json\/wp\/v2\/pages\/6793","targetHints":{"allow":["GET"]}}],"collection":[{"href":"https:\/\/v3.feliz7play.com\/pt\/e\/wp-json\/wp\/v2\/pages"}],"about":[{"href":"https:\/\/v3.feliz7play.com\/pt\/e\/wp-json\/wp\/v2\/types\/page"}],"author":[{"embeddable":true,"href":"https:\/\/v3.feliz7play.com\/pt\/e\/wp-json\/wp\/v2\/users\/1"}],"replies":[{"embeddable":true,"href":"https:\/\/v3.feliz7play.com\/pt\/e\/wp-json\/wp\/v2\/comments?post=6793"}],"version-history":[{"count":10,"href":"https:\/\/v3.feliz7play.com\/pt\/e\/wp-json\/wp\/v2\/pages\/6793\/revisions"}],"predecessor-version":[{"id":12713,"href":"https:\/\/v3.feliz7play.com\/pt\/e\/wp-json\/wp\/v2\/pages\/6793\/revisions\/12713"}],"wp:attachment":[{"href":"https:\/\/v3.feliz7play.com\/pt\/e\/wp-json\/wp\/v2\/media?parent=6793"}],"curies":[{"name":"wp","href":"https:\/\/api.w.org\/{rel}","templated":true}]}}